{"id":156,"date":"2018-08-09T13:01:27","date_gmt":"2018-08-09T11:01:27","guid":{"rendered":"https:\/\/www.vertical-fit.fr\/?page_id=156"},"modified":"2022-09-01T00:32:40","modified_gmt":"2022-08-31T22:32:40","slug":"mentions-legales","status":"publish","type":"page","link":"https:\/\/www.vertical-fit.fr\/en\/mentions-legales\/","title":{"rendered":"Legal notice"},"content":{"rendered":"<h2>Legal notice<\/h2>\n<p>Photo credits :<br \/>\n\u00a9 Millie Robson<br \/>\n\u00a9 Charlotte Cauchefer<br \/>\n\u00a9 La z.a.q.<\/p>\n<p>1 - Presentation of the site.<\/p>\n<p>Propri\u00e9taire du site : EURL Vertical Fit \/ M\u00e9lanie Sanchez<br \/>\nSIREN : 900 110 651<\/p>\n<p>Director of the publication of the website: M\u00e9lanie SANCHEZ<\/p>\n<p>Hosting:<br \/>\nSAS OVH &#8211; <a href=\"http:\/\/www.ovh.com\" rel=\"nofollow\">http:\/\/www.ovh.com<\/a><br \/>\n2 rue Kellermann<br \/>\nBP 80157<br \/>\n59100 Roubaix<\/p>\n<p>Development and graphic creation of the site: M\u00e9lanie Sanchez \/ <a href=\"https:\/\/olivier.toussaint.fr\/\">Olivier Toussaint<\/a><\/p>\n<p>2 - Conditions of use of the site<\/p>\n<p>These terms of use may be modified at any time by Vertical Fit.<br \/>\nThe user agrees to respect them.<\/p>\n<p>All the information on the site is given as an indication, they are likely to evolve and be changed at any time.<br \/>\nThe information on the site <a href=\"https:\/\/www.vertical-fit.fr\" rel=\"nofollow\">https:\/\/www.vertical-fit.fr<\/a> is not exhaustive.<\/p>\n<p>Vertical Fit strives to provide up-to-date and accurate information on the site.<\/p>\n<p>Vertical Fit can not be held responsible for inaccuracies and omissions in the update, caused by its fact or the fact of the third partners who transmit this information.<\/p>\n<p>All the information indicated on the site <a href=\"https:\/\/www.vertical-fit.fr\" rel=\"nofollow\">https:\/\/www.vertical-fit.fr<\/a> are given as an indication and are subject to change.<\/p>\n<p>3 - Description of the services provided.<\/p>\n<p>The website <a href=\"https:\/\/www.vertical-fit.fr\" rel=\"nofollow\">https:\/\/www.vertical-fit.fr<\/a> provides information on all the activities of the pole dance school as well as an online booking system.<\/p>\n<p>4 - Intellectual property and counterfeiting<\/p>\n<p>Vertical Fit has the rights to use all the items available on the site, including text, images, graphics, logo, icons, sounds, software.<\/p>\n<p>Whatever the means or process used, any reproduction, representation, modification, publication, adaptation of all or part of the elements of the site, is prohibited without prior written permission from Vertical Fit.<br \/>\nIn accordance with the provisions of articles L.335-2 and following of the Code of Intellectual Property, any unauthorized exploitation of the site or one of the elements it contains will be considered as constituting an infringement and will be prosecuted.<\/p>\n<p>5 - Management of personal data<\/p>\n<p>Vertical Fit is committed to keeping your personal information confidential.<br \/>\nIn France, your personal data is protected by the following laws:<br \/>\nLaw No 78-87 of 6 January 1978,<br \/>\nLaw No 2004-801 of 6 August 2004,<br \/>\nArticle L. 226-13 of the Penal Code and the European Directive of 24 October 1995,<br \/>\nThe law RGPD of May 25, 2018<\/p>\n<p>You may at any time have access to your personal data concerning you and held by Vertical Fit, and thus rectify or delete them.<\/p>\n<p>6 - Limit of liability<\/p>\n<p>When accessing the website <a href=\"https:\/\/www.vertical-fit.fr\" rel=\"nofollow\">https:\/\/www.vertical-fit.fr<\/a>, Vertical Fit can not be held responsible for direct and indirect damage that will be caused to the user's equipment, and resulting from the use of material that does not meet the technical specifications of the site, the appearance of a bug or technical incompatibility.<\/p>\n<p>Processed payments by the website are managed and protected by Stripe: <a href=\"https:\/\/stripe.com\/fr\" rel=\"nofollow\">https:\/\/stripe.com\/fr<\/a><br \/>\nIn no case Vertical Fit has access to the payment data of the user.<\/p>\n<p>In the event of a racist, abusive, defamatory or pornographic message, regardless of the medium used (text, photography ...), Vertical Fit reserves the right to question the civil liability and \/ or criminal of the user.<\/p>\n<p>7 - Hypertext links and cookies<\/p>\n<p>Anyone wishing to establish a link links to the site <a href=\"https:\/\/www.vertical-fit.fr\" rel=\"nofollow\">https:\/\/www.vertical-fit.fr<\/a> https:\/\/www.vertical-fit.fr is free to do so, as long as it does not affect the image of its publisher.<br \/>\nThese links are allowed in HTML, PHP and XML format.<\/p>\n<p>The navigation on the site <a href=\"https:\/\/www.vertical-fit.fr\" rel=\"nofollow\">https:\/\/www.vertical-fit.fr<\/a>will automatically install the cookie (s) on the computer used.<br \/>\nA cookie is a small file, which does not allow the identification of the user, but which will record the information related to the navigation of a computer on a site.<br \/>\nThe data obtained, will facilitate the subsequent navigation on the site, and are intended to allow various measures of attendance.<br \/>\nIf the user issues a refusal to install a cookie, it may result in the inability to access some of our services.<\/p>\n<p>8 - Applicable law and attribution of jurisdiction.<\/p>\n<p>Any dispute in connection with the use of the site <a href=\"https:\/\/www.vertical-fit.fr\" rel=\"nofollow\">https:\/\/www.vertical-fit.fr<\/a> is subject to French law. It is made exclusive jurisdiction to the competent courts of Limoges.<\/p>\n<p>9 - The main laws concerned.<\/p>\n<p>Law n \u00b0 78-17 of January 6, 1978, notably modified by the law n \u00b0 2004-801 of August 6, 2004 relating to data processing, files and freedoms.<br \/>\nLaw No. 2004-575 of 21 June 2004 on confidence in the digital economy.<br \/>\nRGPD law of May 25, 2018.<\/p>\n<p>10 - Lexicon.<\/p>\n<p>User: Internet user connecting and \/ or using the aforementioned site.<br \/>\nPersonal information: \"information that allows, in any form whatsoever, directly or indirectly, the identification of the natural persons to whom they apply\" (Article 4 of Law No. 78-17 of 6 January 1978).<\/p>","protected":false},"excerpt":{"rendered":"<p>Mentions l\u00e9gales Cr\u00e9dits photos : \u00a9 Millie Robson \u00a9 Charlotte Cauchefer \u00a9 La z.a.q. 1 &#8211; Pr\u00e9sentation du site. Propri\u00e9taire du site : EURL Vertical Fit \/ M\u00e9lanie Sanchez SIREN : 900 110 651 Directeur de la publication du site : M\u00e9lanie SANCHEZ H\u00e9bergement du site : SAS OVH &#8211; http:\/\/www.ovh.com 2 rue Kellermann BP [&hellip;]<\/p>","protected":false},"author":1,"featured_media":0,"parent":0,"menu_order":0,"comment_status":"closed","ping_status":"closed","template":"","meta":{"sfsi_plus_gutenberg_text_before_share":"","sfsi_plus_gutenberg_show_text_before_share":"","sfsi_plus_gutenberg_icon_type":"","sfsi_plus_gutenberg_icon_alignemt":"","sfsi_plus_gutenburg_max_per_row":"","_exactmetrics_skip_tracking":false,"_exactmetrics_sitenote_active":false,"_exactmetrics_sitenote_note":"","_exactmetrics_sitenote_category":0,"ocean_post_layout":"","ocean_both_sidebars_style":"","ocean_both_sidebars_content_width":0,"ocean_both_sidebars_sidebars_width":0,"ocean_sidebar":"0","ocean_second_sidebar":"0","ocean_disable_margins":"enable","ocean_add_body_class":"","ocean_shortcode_before_top_bar":"","ocean_shortcode_after_top_bar":"","ocean_shortcode_before_header":"","ocean_shortcode_after_header":"","ocean_has_shortcode":"","ocean_shortcode_after_title":"","ocean_shortcode_before_footer_widgets":"","ocean_shortcode_after_footer_widgets":"","ocean_shortcode_before_footer_bottom":"","ocean_shortcode_after_footer_bottom":"","ocean_display_top_bar":"default","ocean_display_header":"default","ocean_header_style":"","ocean_center_header_left_menu":"0","ocean_custom_header_template":"0","ocean_custom_logo":0,"ocean_custom_retina_logo":0,"ocean_custom_logo_max_width":0,"ocean_custom_logo_tablet_max_width":0,"ocean_custom_logo_mobile_max_width":0,"ocean_custom_logo_max_height":0,"ocean_custom_logo_tablet_max_height":0,"ocean_custom_logo_mobile_max_height":0,"ocean_header_custom_menu":"0","ocean_menu_typo_font_family":"0","ocean_menu_typo_font_subset":"","ocean_menu_typo_font_size":0,"ocean_menu_typo_font_size_tablet":0,"ocean_menu_typo_font_size_mobile":0,"ocean_menu_typo_font_size_unit":"px","ocean_menu_typo_font_weight":"","ocean_menu_typo_font_weight_tablet":"","ocean_menu_typo_font_weight_mobile":"","ocean_menu_typo_transform":"","ocean_menu_typo_transform_tablet":"","ocean_menu_typo_transform_mobile":"","ocean_menu_typo_line_height":0,"ocean_menu_typo_line_height_tablet":0,"ocean_menu_typo_line_height_mobile":0,"ocean_menu_typo_line_height_unit":"","ocean_menu_typo_spacing":0,"ocean_menu_typo_spacing_tablet":0,"ocean_menu_typo_spacing_mobile":0,"ocean_menu_typo_spacing_unit":"","ocean_menu_link_color":"","ocean_menu_link_color_hover":"","ocean_menu_link_color_active":"","ocean_menu_link_background":"","ocean_menu_link_hover_background":"","ocean_menu_link_active_background":"","ocean_menu_social_links_bg":"","ocean_menu_social_hover_links_bg":"","ocean_menu_social_links_color":"","ocean_menu_social_hover_links_color":"","ocean_disable_title":"default","ocean_disable_heading":"default","ocean_post_title":"","ocean_post_subheading":"","ocean_post_title_style":"","ocean_post_title_background_color":"","ocean_post_title_background":0,"ocean_post_title_bg_image_position":"","ocean_post_title_bg_image_attachment":"","ocean_post_title_bg_image_repeat":"","ocean_post_title_bg_image_size":"","ocean_post_title_height":0,"ocean_post_title_bg_overlay":0.5,"ocean_post_title_bg_overlay_color":"","ocean_disable_breadcrumbs":"default","ocean_breadcrumbs_color":"","ocean_breadcrumbs_separator_color":"","ocean_breadcrumbs_links_color":"","ocean_breadcrumbs_links_hover_color":"","ocean_display_footer_widgets":"default","ocean_display_footer_bottom":"default","ocean_custom_footer_template":"0","footnotes":""},"yoast_head":"<!-- This site is optimized with the Yoast SEO plugin v22.3 - https:\/\/yoast.com\/wordpress\/plugins\/seo\/ -->\n<title>Mentions l\u00e9gales - Vertical Fit - Pole dance \u00e0 Saint-Junien 87200<\/title>\n<meta name=\"robots\" content=\"index, follow, max-snippet:-1, max-image-preview:large, max-video-preview:-1\" \/>\n<link rel=\"canonical\" href=\"https:\/\/www.vertical-fit.fr\/en\/mentions-legales\/\" \/>\n<meta property=\"og:locale\" content=\"en_US\" \/>\n<meta property=\"og:type\" content=\"article\" \/>\n<meta property=\"og:title\" content=\"Mentions l\u00e9gales - Vertical Fit - Pole dance \u00e0 Saint-Junien 87200\" \/>\n<meta property=\"og:description\" content=\"Mentions l\u00e9gales Cr\u00e9dits photos : \u00a9 Millie Robson \u00a9 Charlotte Cauchefer \u00a9 La z.a.q. 1 &#8211; Pr\u00e9sentation du site. Propri\u00e9taire du site : EURL Vertical Fit \/ M\u00e9lanie Sanchez SIREN : 900 110 651 Directeur de la publication du site : M\u00e9lanie SANCHEZ H\u00e9bergement du site : SAS OVH &#8211; http:\/\/www.ovh.com 2 rue Kellermann BP [&hellip;]\" \/>\n<meta property=\"og:url\" content=\"https:\/\/www.vertical-fit.fr\/en\/mentions-legales\/\" \/>\n<meta property=\"og:site_name\" content=\"Vertical Fit - Pole dance \u00e0 Saint-Junien 87200\" \/>\n<meta property=\"article:modified_time\" content=\"2022-08-31T22:32:40+00:00\" \/>\n<meta name=\"twitter:card\" content=\"summary_large_image\" \/>\n<meta name=\"twitter:label1\" content=\"Est. reading time\" \/>\n\t<meta name=\"twitter:data1\" content=\"4 minutes\" \/>\n<script type=\"application\/ld+json\" class=\"yoast-schema-graph\">{\"@context\":\"https:\/\/schema.org\",\"@graph\":[{\"@type\":\"WebPage\",\"@id\":\"https:\/\/www.vertical-fit.fr\/mentions-legales\/\",\"url\":\"https:\/\/www.vertical-fit.fr\/mentions-legales\/\",\"name\":\"Mentions l\u00e9gales - Vertical Fit - Pole dance \u00e0 Saint-Junien 87200\",\"isPartOf\":{\"@id\":\"https:\/\/www.vertical-fit.fr\/#website\"},\"datePublished\":\"2018-08-09T11:01:27+00:00\",\"dateModified\":\"2022-08-31T22:32:40+00:00\",\"breadcrumb\":{\"@id\":\"https:\/\/www.vertical-fit.fr\/mentions-legales\/#breadcrumb\"},\"inLanguage\":\"en-US\",\"potentialAction\":[{\"@type\":\"ReadAction\",\"target\":[\"https:\/\/www.vertical-fit.fr\/mentions-legales\/\"]}]},{\"@type\":\"BreadcrumbList\",\"@id\":\"https:\/\/www.vertical-fit.fr\/mentions-legales\/#breadcrumb\",\"itemListElement\":[{\"@type\":\"ListItem\",\"position\":1,\"name\":\"Accueil\",\"item\":\"https:\/\/www.vertical-fit.fr\/\"},{\"@type\":\"ListItem\",\"position\":2,\"name\":\"Mentions l\u00e9gales\"}]},{\"@type\":\"WebSite\",\"@id\":\"https:\/\/www.vertical-fit.fr\/#website\",\"url\":\"https:\/\/www.vertical-fit.fr\/\",\"name\":\"Vertical Fit - Pole dance \u00e0 Saint-Junien 87200\",\"description\":\"Pole dance et pole fitness \u00e0 Saint-Junien- r\u00e9gion de Limoges en Haute-Vienne\",\"publisher\":{\"@id\":\"https:\/\/www.vertical-fit.fr\/#organization\"},\"potentialAction\":[{\"@type\":\"SearchAction\",\"target\":{\"@type\":\"EntryPoint\",\"urlTemplate\":\"https:\/\/www.vertical-fit.fr\/?s={search_term_string}\"},\"query-input\":\"required name=search_term_string\"}],\"inLanguage\":\"en-US\"},{\"@type\":\"Organization\",\"@id\":\"https:\/\/www.vertical-fit.fr\/#organization\",\"name\":\"Vertical Fit - Pole dance \u00e0 Saint-Junien 87200\",\"url\":\"https:\/\/www.vertical-fit.fr\/\",\"logo\":{\"@type\":\"ImageObject\",\"inLanguage\":\"en-US\",\"@id\":\"https:\/\/www.vertical-fit.fr\/#\/schema\/logo\/image\/\",\"url\":\"https:\/\/www.vertical-fit.fr\/wp-content\/uploads\/2018\/05\/cropped-logolong-verticalfit-poledance-stjunien.png\",\"contentUrl\":\"https:\/\/www.vertical-fit.fr\/wp-content\/uploads\/2018\/05\/cropped-logolong-verticalfit-poledance-stjunien.png\",\"width\":364,\"height\":75,\"caption\":\"Vertical Fit - Pole dance \u00e0 Saint-Junien 87200\"},\"image\":{\"@id\":\"https:\/\/www.vertical-fit.fr\/#\/schema\/logo\/image\/\"}}]}<\/script>\n<!-- \/ Yoast SEO plugin. -->","yoast_head_json":{"title":"Mentions l\u00e9gales - Vertical Fit - Pole dance \u00e0 Saint-Junien 87200","robots":{"index":"index","follow":"follow","max-snippet":"max-snippet:-1","max-image-preview":"max-image-preview:large","max-video-preview":"max-video-preview:-1"},"canonical":"https:\/\/www.vertical-fit.fr\/en\/mentions-legales\/","og_locale":"en_US","og_type":"article","og_title":"Mentions l\u00e9gales - Vertical Fit - Pole dance \u00e0 Saint-Junien 87200","og_description":"Mentions l\u00e9gales Cr\u00e9dits photos : \u00a9 Millie Robson \u00a9 Charlotte Cauchefer \u00a9 La z.a.q. 1 &#8211; Pr\u00e9sentation du site. Propri\u00e9taire du site : EURL Vertical Fit \/ M\u00e9lanie Sanchez SIREN : 900 110 651 Directeur de la publication du site : M\u00e9lanie SANCHEZ H\u00e9bergement du site : SAS OVH &#8211; http:\/\/www.ovh.com 2 rue Kellermann BP [&hellip;]","og_url":"https:\/\/www.vertical-fit.fr\/en\/mentions-legales\/","og_site_name":"Vertical Fit - Pole dance \u00e0 Saint-Junien 87200","article_modified_time":"2022-08-31T22:32:40+00:00","twitter_card":"summary_large_image","twitter_misc":{"Est. reading time":"4 minutes"},"schema":{"@context":"https:\/\/schema.org","@graph":[{"@type":"WebPage","@id":"https:\/\/www.vertical-fit.fr\/mentions-legales\/","url":"https:\/\/www.vertical-fit.fr\/mentions-legales\/","name":"Mentions l\u00e9gales - Vertical Fit - Pole dance \u00e0 Saint-Junien 87200","isPartOf":{"@id":"https:\/\/www.vertical-fit.fr\/#website"},"datePublished":"2018-08-09T11:01:27+00:00","dateModified":"2022-08-31T22:32:40+00:00","breadcrumb":{"@id":"https:\/\/www.vertical-fit.fr\/mentions-legales\/#breadcrumb"},"inLanguage":"en-US","potentialAction":[{"@type":"ReadAction","target":["https:\/\/www.vertical-fit.fr\/mentions-legales\/"]}]},{"@type":"BreadcrumbList","@id":"https:\/\/www.vertical-fit.fr\/mentions-legales\/#breadcrumb","itemListElement":[{"@type":"ListItem","position":1,"name":"Accueil","item":"https:\/\/www.vertical-fit.fr\/"},{"@type":"ListItem","position":2,"name":"Mentions l\u00e9gales"}]},{"@type":"WebSite","@id":"https:\/\/www.vertical-fit.fr\/#website","url":"https:\/\/www.vertical-fit.fr\/","name":"Vertical Fit - Pole dance \u00e0 Saint-Junien 87200","description":"Pole dance et pole fitness \u00e0 Saint-Junien- r\u00e9gion de Limoges en Haute-Vienne","publisher":{"@id":"https:\/\/www.vertical-fit.fr\/#organization"},"potentialAction":[{"@type":"SearchAction","target":{"@type":"EntryPoint","urlTemplate":"https:\/\/www.vertical-fit.fr\/?s={search_term_string}"},"query-input":"required name=search_term_string"}],"inLanguage":"en-US"},{"@type":"Organization","@id":"https:\/\/www.vertical-fit.fr\/#organization","name":"Vertical Fit - Pole dance \u00e0 Saint-Junien 87200","url":"https:\/\/www.vertical-fit.fr\/","logo":{"@type":"ImageObject","inLanguage":"en-US","@id":"https:\/\/www.vertical-fit.fr\/#\/schema\/logo\/image\/","url":"https:\/\/www.vertical-fit.fr\/wp-content\/uploads\/2018\/05\/cropped-logolong-verticalfit-poledance-stjunien.png","contentUrl":"https:\/\/www.vertical-fit.fr\/wp-content\/uploads\/2018\/05\/cropped-logolong-verticalfit-poledance-stjunien.png","width":364,"height":75,"caption":"Vertical Fit - Pole dance \u00e0 Saint-Junien 87200"},"image":{"@id":"https:\/\/www.vertical-fit.fr\/#\/schema\/logo\/image\/"}}]}},"_links":{"self":[{"href":"https:\/\/www.vertical-fit.fr\/en\/wp-json\/wp\/v2\/pages\/156"}],"collection":[{"href":"https:\/\/www.vertical-fit.fr\/en\/wp-json\/wp\/v2\/pages"}],"about":[{"href":"https:\/\/www.vertical-fit.fr\/en\/wp-json\/wp\/v2\/types\/page"}],"author":[{"embeddable":true,"href":"https:\/\/www.vertical-fit.fr\/en\/wp-json\/wp\/v2\/users\/1"}],"replies":[{"embeddable":true,"href":"https:\/\/www.vertical-fit.fr\/en\/wp-json\/wp\/v2\/comments?post=156"}],"version-history":[{"count":3,"href":"https:\/\/www.vertical-fit.fr\/en\/wp-json\/wp\/v2\/pages\/156\/revisions"}],"predecessor-version":[{"id":714,"href":"https:\/\/www.vertical-fit.fr\/en\/wp-json\/wp\/v2\/pages\/156\/revisions\/714"}],"wp:attachment":[{"href":"https:\/\/www.vertical-fit.fr\/en\/wp-json\/wp\/v2\/media?parent=156"}],"curies":[{"name":"wp","href":"https:\/\/api.w.org\/{rel}","templated":true}]}}