{"id":24,"date":"2017-10-10T12:25:51","date_gmt":"2017-10-10T10:25:51","guid":{"rendered":"http:\/\/concepteur-multimedia-lyon.com\/verticalfit\/?page_id=24"},"modified":"2025-11-11T12:46:10","modified_gmt":"2025-11-11T11:46:10","slug":"planning","status":"publish","type":"page","link":"https:\/\/www.vertical-fit.fr\/en\/planning\/","title":{"rendered":"Planning"},"content":{"rendered":"<h1 style=\"text-align: left;\">Planning<\/h1>\n<p>The course schedule is announced each end of the month for the following month.<\/p>\n<p><strong>It is <a href=\"https:\/\/resafit.vertical-fit.fr\/2\/cours\/index\" target=\"_blank\" rel=\"noopener noreferrer\">mandatory to register<\/a> to each lesson you want to attend by this website: <\/strong><a href=\"https:\/\/resafit.vertical-fit.fr\/2\/cours\/index\" target=\"_blank\" rel=\"noopener noreferrer\"><strong>https:\/\/resafit.vertical-fit.fr\/<\/strong><\/a><br \/>\n<a href=\"https:\/\/resafit.vertical-fit.fr\/2\/cours\/index\" target=\"_blank\" rel=\"noopener\"><img loading=\"lazy\" decoding=\"async\" class=\"wp-image-997 aligncenter\" src=\"https:\/\/www.vertical-fit.fr\/wp-content\/uploads\/2025\/11\/planning-poledance-st-junien-300x170.png\" alt=\"planning pole dance st-junien\" width=\"442\" height=\"250\" srcset=\"https:\/\/www.vertical-fit.fr\/wp-content\/uploads\/2025\/11\/planning-poledance-st-junien-300x170.png 300w, https:\/\/www.vertical-fit.fr\/wp-content\/uploads\/2025\/11\/planning-poledance-st-junien-1024x580.png 1024w, https:\/\/www.vertical-fit.fr\/wp-content\/uploads\/2025\/11\/planning-poledance-st-junien-768x435.png 768w, https:\/\/www.vertical-fit.fr\/wp-content\/uploads\/2025\/11\/planning-poledance-st-junien-18x10.png 18w, https:\/\/www.vertical-fit.fr\/wp-content\/uploads\/2025\/11\/planning-poledance-st-junien-800x450.png 800w, https:\/\/www.vertical-fit.fr\/wp-content\/uploads\/2025\/11\/planning-poledance-st-junien.png 1338w\" sizes=\"(max-width: 442px) 100vw, 442px\" \/><\/a><br \/>\n<strong>Si vous ne pouvez plus venir \u00e0 un cours auquel vous \u00eates inscrit, il faut imp\u00e9rativement vous d\u00e9sinscrire via le m\u00eame site et ce au moins 24h avant le d\u00e9but du cours, sinon le cours sera du.<\/strong><\/p>\n<p>Le planning-type des cours est le suivant (Attention : ce planning est susceptible d&rsquo;\u00eatre modifi\u00e9 en cours d&rsquo;ann\u00e9e \/ il peut-\u00eatre all\u00e9g\u00e9 pendant les vacances scolaires) :<\/p>\n<div class=\"fitplan-wrapper\" id=\"fitplan-994\">\n \n  <div class=\"fitplan-planning fitplan-planning-994\" style=\"background-color: ; border-color: #eee;\">\n        <div class=\"fitplan-planning-day fitplan-planning-day-monday\" style=\"color: #000; border-color:#eee;\">\n      <div class=\"fitplan-planning-title\" style=\"border-color: #eee;\">Monday<\/div>\n \n       \n            <div class=\"fitplan-planning-afternoon\" style=\"height: 360px\">\n        <div class=\"fitplan-planning-item fitplan-planning-item-432 fitplan-planning-item-pole-dance-tous-niveaux\" style=\"top: 112.5px; height: 135px\">\n  <div\n    class=\"fitplan-planning-item-inside\"\n    style=\"      background-color: #fd708f;      border-radius: 4px;\"\n\n    data-color=\"#eee\">\n\n        <div class=\"fitplan-planning-item-pic\" style=\"\">\n      <img decoding=\"async\" src=\"https:\/\/www.vertical-fit.fr\/wp-content\/uploads\/2018\/05\/logo-verticalfit-poledance-stjunien.png\" alt=\"Pole Dance tous niveaux\">\n    <\/div>\n    \n    <p\n      class=\"fitplan-planning-item-title\" style=\"        color: #444;            \">\n      Pole Dance tous niveaux    <\/p>\n\n    <p class=\"fitplan-planning-item-hour\" style=\"color: #444;\">\n      <span class=\"fitplan-planning-item-hour-start\">19:15<\/span>\n      -\n      <span class=\"fitplan-planning-item-hour-finish\">20:45<\/span>\n    <\/p>\n  <\/div>\n\n  <div class=\"fitplan-planning-item-bubble\">\n        <p class=\"fitplan-planning-modal-pic\">\n      <img decoding=\"async\" src=\"https:\/\/www.vertical-fit.fr\/wp-content\/uploads\/2018\/05\/logo-verticalfit-poledance-stjunien.png\" alt=\"Pole Dance tous niveaux\">\n    <\/p>\n    \n    <div class=\"fitplan-planning-modal-hour\">\n      <span>Monday<\/span>\n      <span class=\"fitplan-planning-modal-hour-start\">19:15<\/span>\n      -\n      <span class=\"fitplan-planning-modal-hour-finish\">20:45<\/span>\n    <\/div>\n\n    <div class=\"fitplan-planning-modal-desc\">\n      Come discover a sport that combines <strong>strength<\/strong> and <strong>flexibility<\/strong> to perfection.<br \/>\r\nStep by step, you will learn the techniques to master this elegant and fluid sport.<br \/>\r\n- <strong>pole dancing<\/strong> will strengthen your body harmoniously giving you flexibility, grace and fluidity.<br \/>\r\nThis sport will give you (again) confidence while allowing you to (re) appropriate your body.<br \/>\r\nC\u2019est un sport accessible \u00e0 tous, car l\u2019apprentissage se divise en niveaux : initiation, d\u00e9butant, interm\u00e9diaire et avanc\u00e9.    <\/div>\n\n        <p class=\"fitplan-planning-modal-link\"><a target=\"_blank\" href=\"https:\/\/www.vertical-fit.fr\/pole-dance\/\">Visitez la page officielle<\/a><\/p>\n    \n        <div class=\"fitplan-planning-modal-coach\">\n      <img decoding=\"async\" class=\"fitplan-planning-modal-coach-img\" src=\"\" alt=\"Silvain\">\n      <span class=\"fitplan-planning-modal-coach-by\">Par<\/span>\n      <br>\n      <strong class=\"fitplan-planning-item-coach-name\">Silvain<\/strong>\n      <div class=\"fitplan-planning-modal-coach-bio\">\n              <\/div>\n    <\/div>\n      <\/div>\n\n<\/div>\n      <\/div>\n       \n    <\/div>\n        <div class=\"fitplan-planning-day fitplan-planning-day-tuesday\" style=\"color: #000; border-color:#eee;\">\n      <div class=\"fitplan-planning-title\" style=\"border-color: #eee;\">Tuesday<\/div>\n \n       \n            <div class=\"fitplan-planning-afternoon\" style=\"height: 360px\">\n              <\/div>\n       \n    <\/div>\n        <div class=\"fitplan-planning-day fitplan-planning-day-wednesday\" style=\"color: #000; border-color:#eee;\">\n      <div class=\"fitplan-planning-title\" style=\"border-color: #eee;\">Wednesday<\/div>\n \n       \n            <div class=\"fitplan-planning-afternoon\" style=\"height: 360px\">\n        <div class=\"fitplan-planning-item fitplan-planning-item-995 fitplan-planning-item-cours-particulier-ou-cours-a-theme\" style=\"top: 90px; height: 90px\">\n  <div\n    class=\"fitplan-planning-item-inside\"\n    style=\"      background-color: #dd3333;      border-radius: 4px;\"\n\n    data-color=\"#eee\">\n\n    \n    <p\n      class=\"fitplan-planning-item-title fitplan-dont-hide\" style=\"        color: #444;            \">\n      Cours particulier ou cours \u00e0 th\u00e8me    <\/p>\n\n    <p class=\"fitplan-planning-item-hour\" style=\"color: #444;\">\n      <span class=\"fitplan-planning-item-hour-start\">19:00<\/span>\n      -\n      <span class=\"fitplan-planning-item-hour-finish\">20:00<\/span>\n    <\/p>\n  <\/div>\n\n  <div class=\"fitplan-planning-item-bubble\">\n        <p class=\"fitplan-planning-modal-pic\">\n      <img decoding=\"async\" src=\"\" alt=\"Cours particulier ou cours \u00e0 th\u00e8me\">\n    <\/p>\n    \n    <div class=\"fitplan-planning-modal-hour\">\n      <span>Wednesday<\/span>\n      <span class=\"fitplan-planning-modal-hour-start\">19:00<\/span>\n      -\n      <span class=\"fitplan-planning-modal-hour-finish\">20:00<\/span>\n    <\/div>\n\n    <div class=\"fitplan-planning-modal-desc\">\n      Ce cr\u00e9neau est r\u00e9serv\u00e9 aux cours particuliers ou aux cours \u00e0 th\u00e8me.    <\/div>\n\n    \n        <div class=\"fitplan-planning-modal-coach\">\n      <img decoding=\"async\" class=\"fitplan-planning-modal-coach-img\" src=\"\" alt=\"Silvain\">\n      <span class=\"fitplan-planning-modal-coach-by\">Par<\/span>\n      <br>\n      <strong class=\"fitplan-planning-item-coach-name\">Silvain<\/strong>\n      <div class=\"fitplan-planning-modal-coach-bio\">\n              <\/div>\n    <\/div>\n      <\/div>\n\n<\/div>\n      <\/div>\n       \n    <\/div>\n        <div class=\"fitplan-planning-day fitplan-planning-day-thursday\" style=\"color: #000; border-color:#eee;\">\n      <div class=\"fitplan-planning-title\" style=\"border-color: #eee;\">Thursday<\/div>\n \n       \n            <div class=\"fitplan-planning-afternoon\" style=\"height: 360px\">\n        <div class=\"fitplan-planning-item fitplan-planning-item-432 fitplan-planning-item-pole-dance-tous-niveaux\" style=\"top: 45px; height: 135px\">\n  <div\n    class=\"fitplan-planning-item-inside\"\n    style=\"      background-color: #fd708f;      border-radius: 4px;\"\n\n    data-color=\"#eee\">\n\n        <div class=\"fitplan-planning-item-pic\" style=\"\">\n      <img decoding=\"async\" src=\"https:\/\/www.vertical-fit.fr\/wp-content\/uploads\/2018\/05\/logo-verticalfit-poledance-stjunien.png\" alt=\"Pole Dance tous niveaux\">\n    <\/div>\n    \n    <p\n      class=\"fitplan-planning-item-title\" style=\"        color: #444;            \">\n      Pole Dance tous niveaux    <\/p>\n\n    <p class=\"fitplan-planning-item-hour\" style=\"color: #444;\">\n      <span class=\"fitplan-planning-item-hour-start\">18:30<\/span>\n      -\n      <span class=\"fitplan-planning-item-hour-finish\">20:00<\/span>\n    <\/p>\n  <\/div>\n\n  <div class=\"fitplan-planning-item-bubble\">\n        <p class=\"fitplan-planning-modal-pic\">\n      <img decoding=\"async\" src=\"https:\/\/www.vertical-fit.fr\/wp-content\/uploads\/2018\/05\/logo-verticalfit-poledance-stjunien.png\" alt=\"Pole Dance tous niveaux\">\n    <\/p>\n    \n    <div class=\"fitplan-planning-modal-hour\">\n      <span>Thursday<\/span>\n      <span class=\"fitplan-planning-modal-hour-start\">18:30<\/span>\n      -\n      <span class=\"fitplan-planning-modal-hour-finish\">20:00<\/span>\n    <\/div>\n\n    <div class=\"fitplan-planning-modal-desc\">\n      Come discover a sport that combines <strong>strength<\/strong> and <strong>flexibility<\/strong> to perfection.<br \/>\r\nStep by step, you will learn the techniques to master this elegant and fluid sport.<br \/>\r\n- <strong>pole dancing<\/strong> will strengthen your body harmoniously giving you flexibility, grace and fluidity.<br \/>\r\nThis sport will give you (again) confidence while allowing you to (re) appropriate your body.<br \/>\r\nC\u2019est un sport accessible \u00e0 tous, car l\u2019apprentissage se divise en niveaux : initiation, d\u00e9butant, interm\u00e9diaire et avanc\u00e9.    <\/div>\n\n        <p class=\"fitplan-planning-modal-link\"><a target=\"_blank\" href=\"https:\/\/www.vertical-fit.fr\/pole-dance\/\">Visitez la page officielle<\/a><\/p>\n    \n        <div class=\"fitplan-planning-modal-coach\">\n      <img decoding=\"async\" class=\"fitplan-planning-modal-coach-img\" src=\"https:\/\/www.vertical-fit.fr\/wp-content\/uploads\/2017\/10\/XQ9A2621a-1024x853.jpg\" alt=\"M\u00e9lanie Sanchez\">\n      <span class=\"fitplan-planning-modal-coach-by\">Par<\/span>\n      <br>\n      <strong class=\"fitplan-planning-item-coach-name\">M\u00e9lanie Sanchez<\/strong>\n      <div class=\"fitplan-planning-modal-coach-bio\">\n        Your teacher, M\u00e9lanie, has been practicing pole dance since 2015.\nTrained as a pole dance teacher at Pole Dance Paris in 2017-2018, M\u00e9lanie will give you the keys to progress in pole dance, and climb the levels safely while respecting your body.\nGraduate levels initiation, beginner, intermediate and advanced, she will accompany you with pedagogy in your progress.      <\/div>\n    <\/div>\n      <\/div>\n\n<\/div>\n<div class=\"fitplan-planning-item fitplan-planning-item-516 fitplan-planning-item-cerceau-aerien-ou-hamac-aerien\" style=\"top: 202.5px; height: 90px\">\n  <div\n    class=\"fitplan-planning-item-inside\"\n    style=\"      background-color: #9e6cd1;      border-radius: 4px;\"\n\n    data-color=\"#eee\">\n\n        <div class=\"fitplan-planning-item-pic\" style=\"\">\n      <img decoding=\"async\" src=\"https:\/\/www.vertical-fit.fr\/wp-content\/uploads\/2021\/05\/silhouette-woman-trapeze-artist-sitting-on-a-vector-31327014-1.jpg\" alt=\"Cerceau a\u00e9rien OU hamac a\u00e9rien\">\n    <\/div>\n    \n    <p\n      class=\"fitplan-planning-item-title\" style=\"        color: #444;            \">\n      Cerceau a\u00e9rien OU hamac a\u00e9rien    <\/p>\n\n    <p class=\"fitplan-planning-item-hour\" style=\"color: #444;\">\n      <span class=\"fitplan-planning-item-hour-start\">20:15<\/span>\n      -\n      <span class=\"fitplan-planning-item-hour-finish\">21:15<\/span>\n    <\/p>\n  <\/div>\n\n  <div class=\"fitplan-planning-item-bubble\">\n        <p class=\"fitplan-planning-modal-pic\">\n      <img decoding=\"async\" src=\"https:\/\/www.vertical-fit.fr\/wp-content\/uploads\/2021\/05\/silhouette-woman-trapeze-artist-sitting-on-a-vector-31327014-1.jpg\" alt=\"Cerceau a\u00e9rien OU hamac a\u00e9rien\">\n    <\/p>\n    \n    <div class=\"fitplan-planning-modal-hour\">\n      <span>Thursday<\/span>\n      <span class=\"fitplan-planning-modal-hour-start\">20:15<\/span>\n      -\n      <span class=\"fitplan-planning-modal-hour-finish\">21:15<\/span>\n    <\/div>\n\n    <div class=\"fitplan-planning-modal-desc\">\n      Le cours alterne une semaine sur deux entre cerceau a\u00e9rien OU hamac a\u00e9rien ! C'est aussi \u00e0 ce cr\u00e9neau qu'ont lieu les cours chor\u00e9e. Consultez le planning pour d\u00e9couvrir le programme.    <\/div>\n\n    \n        <div class=\"fitplan-planning-modal-coach\">\n      <img decoding=\"async\" class=\"fitplan-planning-modal-coach-img\" src=\"https:\/\/www.vertical-fit.fr\/wp-content\/uploads\/2017\/10\/XQ9A2621a-1024x853.jpg\" alt=\"M\u00e9lanie Sanchez\">\n      <span class=\"fitplan-planning-modal-coach-by\">Par<\/span>\n      <br>\n      <strong class=\"fitplan-planning-item-coach-name\">M\u00e9lanie Sanchez<\/strong>\n      <div class=\"fitplan-planning-modal-coach-bio\">\n        Your teacher, M\u00e9lanie, has been practicing pole dance since 2015.\nTrained as a pole dance teacher at Pole Dance Paris in 2017-2018, M\u00e9lanie will give you the keys to progress in pole dance, and climb the levels safely while respecting your body.\nGraduate levels initiation, beginner, intermediate and advanced, she will accompany you with pedagogy in your progress.      <\/div>\n    <\/div>\n      <\/div>\n\n<\/div>\n      <\/div>\n       \n    <\/div>\n        <div class=\"fitplan-planning-day fitplan-planning-day-friday\" style=\"color: #000; border-color:#eee;\">\n      <div class=\"fitplan-planning-title\" style=\"border-color: #eee;\">Friday<\/div>\n \n       \n            <div class=\"fitplan-planning-afternoon\" style=\"height: 360px\">\n        <div class=\"fitplan-planning-item fitplan-planning-item-995 fitplan-planning-item-cours-particulier-ou-cours-a-theme\" style=\"top: 45px; height: 90px\">\n  <div\n    class=\"fitplan-planning-item-inside\"\n    style=\"      background-color: #dd3333;      border-radius: 4px;\"\n\n    data-color=\"#eee\">\n\n    \n    <p\n      class=\"fitplan-planning-item-title fitplan-dont-hide\" style=\"        color: #444;            \">\n      Cours particulier ou cours \u00e0 th\u00e8me    <\/p>\n\n    <p class=\"fitplan-planning-item-hour\" style=\"color: #444;\">\n      <span class=\"fitplan-planning-item-hour-start\">18:30<\/span>\n      -\n      <span class=\"fitplan-planning-item-hour-finish\">19:30<\/span>\n    <\/p>\n  <\/div>\n\n  <div class=\"fitplan-planning-item-bubble\">\n        <p class=\"fitplan-planning-modal-pic\">\n      <img decoding=\"async\" src=\"\" alt=\"Cours particulier ou cours \u00e0 th\u00e8me\">\n    <\/p>\n    \n    <div class=\"fitplan-planning-modal-hour\">\n      <span>Friday<\/span>\n      <span class=\"fitplan-planning-modal-hour-start\">18:30<\/span>\n      -\n      <span class=\"fitplan-planning-modal-hour-finish\">19:30<\/span>\n    <\/div>\n\n    <div class=\"fitplan-planning-modal-desc\">\n      Ce cr\u00e9neau est r\u00e9serv\u00e9 aux cours particuliers ou aux cours \u00e0 th\u00e8me.    <\/div>\n\n    \n        <div class=\"fitplan-planning-modal-coach\">\n      <img decoding=\"async\" class=\"fitplan-planning-modal-coach-img\" src=\"https:\/\/www.vertical-fit.fr\/wp-content\/uploads\/2017\/10\/XQ9A2621a-1024x853.jpg\" alt=\"M\u00e9lanie Sanchez\">\n      <span class=\"fitplan-planning-modal-coach-by\">Par<\/span>\n      <br>\n      <strong class=\"fitplan-planning-item-coach-name\">M\u00e9lanie Sanchez<\/strong>\n      <div class=\"fitplan-planning-modal-coach-bio\">\n        Your teacher, M\u00e9lanie, has been practicing pole dance since 2015.\nTrained as a pole dance teacher at Pole Dance Paris in 2017-2018, M\u00e9lanie will give you the keys to progress in pole dance, and climb the levels safely while respecting your body.\nGraduate levels initiation, beginner, intermediate and advanced, she will accompany you with pedagogy in your progress.      <\/div>\n    <\/div>\n      <\/div>\n\n<\/div>\n      <\/div>\n       \n    <\/div>\n        <div class=\"fitplan-planning-day fitplan-planning-day-saturday\" style=\"color: #000; border-color:#eee;\">\n      <div class=\"fitplan-planning-title\" style=\"border-color: #eee;\">Saturday<\/div>\n \n       \n            <div class=\"fitplan-planning-afternoon\" style=\"height: 360px\">\n              <\/div>\n       \n    <\/div>\n        <div class=\"fitplan-planning-day fitplan-planning-day-sunday\" style=\"color: #000; border-color:#eee;\">\n      <div class=\"fitplan-planning-title\" style=\"border-color: #eee;\">Sunday<\/div>\n \n       \n            <div class=\"fitplan-planning-afternoon\" style=\"height: 360px\">\n              <\/div>\n       \n    <\/div>\n      <\/div>\n<\/div>\n<p><strong>No course bookings will be taken by phone, mail or on social networks.<\/strong><\/p>\n<p>La salle ouvre 10 minutes avant le d\u00e9but des cours.<\/p>\n<p><strong>WARNING<\/strong> : there is <strong>NO <\/strong>free trial course at Vertical Fit.<br \/>\n<strong>Seul le premier cours d&rsquo;initiation est offert SI ET SEULEMENT SI vous souscrivez une carte d&rsquo;abonnement (15, 30 ou 60 cr\u00e9dits) avant votre premier cours OU \u00e0 la fin de votre premier cours. <\/strong><br data-rich-text-line-break=\"true\" \/>Votre premier cours sera offert sous forme de cr\u00e9dits ajout\u00e9s sur votre carte.<\/p>\n<p>Please also read our internal rules. <a href=\"https:\/\/www.vertical-fit.fr\/reglement-interieur\/\">r\u00e8glement int\u00e9rieur<\/a>.<\/p>","protected":false},"excerpt":{"rendered":"<p>Planning Le planning des cours est annonc\u00e9 chaque fin de mois pour le mois suivant. Il est obligatoire de s&rsquo;inscrire \u00e0 chaque cours o\u00f9 vous souhaitez participer via le site ci-apr\u00e8s : https:\/\/resafit.vertical-fit.fr\/ Si vous ne pouvez plus venir \u00e0 un cours auquel vous \u00eates inscrit, il faut imp\u00e9rativement vous d\u00e9sinscrire via le m\u00eame site [&hellip;]<\/p>","protected":false},"author":1,"featured_media":0,"parent":0,"menu_order":3,"comment_status":"closed","ping_status":"closed","template":"","meta":{"sfsi_plus_gutenberg_text_before_share":"","sfsi_plus_gutenberg_show_text_before_share":"","sfsi_plus_gutenberg_icon_type":"","sfsi_plus_gutenberg_icon_alignemt":"","sfsi_plus_gutenburg_max_per_row":"","_exactmetrics_skip_tracking":false,"_exactmetrics_sitenote_active":false,"_exactmetrics_sitenote_note":"","_exactmetrics_sitenote_category":0,"ocean_post_layout":"","ocean_both_sidebars_style":"","ocean_both_sidebars_content_width":0,"ocean_both_sidebars_sidebars_width":0,"ocean_sidebar":"0","ocean_second_sidebar":"0","ocean_disable_margins":"enable","ocean_add_body_class":"","ocean_shortcode_before_top_bar":"","ocean_shortcode_after_top_bar":"","ocean_shortcode_before_header":"","ocean_shortcode_after_header":"","ocean_has_shortcode":"","ocean_shortcode_after_title":"","ocean_shortcode_before_footer_widgets":"","ocean_shortcode_after_footer_widgets":"","ocean_shortcode_before_footer_bottom":"","ocean_shortcode_after_footer_bottom":"","ocean_display_top_bar":"default","ocean_display_header":"default","ocean_header_style":"","ocean_center_header_left_menu":"0","ocean_custom_header_template":"0","ocean_custom_logo":0,"ocean_custom_retina_logo":0,"ocean_custom_logo_max_width":0,"ocean_custom_logo_tablet_max_width":0,"ocean_custom_logo_mobile_max_width":0,"ocean_custom_logo_max_height":0,"ocean_custom_logo_tablet_max_height":0,"ocean_custom_logo_mobile_max_height":0,"ocean_header_custom_menu":"0","ocean_menu_typo_font_family":"0","ocean_menu_typo_font_subset":"","ocean_menu_typo_font_size":0,"ocean_menu_typo_font_size_tablet":0,"ocean_menu_typo_font_size_mobile":0,"ocean_menu_typo_font_size_unit":"px","ocean_menu_typo_font_weight":"","ocean_menu_typo_font_weight_tablet":"","ocean_menu_typo_font_weight_mobile":"","ocean_menu_typo_transform":"","ocean_menu_typo_transform_tablet":"","ocean_menu_typo_transform_mobile":"","ocean_menu_typo_line_height":0,"ocean_menu_typo_line_height_tablet":0,"ocean_menu_typo_line_height_mobile":0,"ocean_menu_typo_line_height_unit":"","ocean_menu_typo_spacing":0,"ocean_menu_typo_spacing_tablet":0,"ocean_menu_typo_spacing_mobile":0,"ocean_menu_typo_spacing_unit":"","ocean_menu_link_color":"","ocean_menu_link_color_hover":"","ocean_menu_link_color_active":"","ocean_menu_link_background":"","ocean_menu_link_hover_background":"","ocean_menu_link_active_background":"","ocean_menu_social_links_bg":"","ocean_menu_social_hover_links_bg":"","ocean_menu_social_links_color":"","ocean_menu_social_hover_links_color":"","ocean_disable_title":"default","ocean_disable_heading":"default","ocean_post_title":"","ocean_post_subheading":"","ocean_post_title_style":"","ocean_post_title_background_color":"","ocean_post_title_background":0,"ocean_post_title_bg_image_position":"","ocean_post_title_bg_image_attachment":"","ocean_post_title_bg_image_repeat":"","ocean_post_title_bg_image_size":"","ocean_post_title_height":0,"ocean_post_title_bg_overlay":0.5,"ocean_post_title_bg_overlay_color":"","ocean_disable_breadcrumbs":"default","ocean_breadcrumbs_color":"","ocean_breadcrumbs_separator_color":"","ocean_breadcrumbs_links_color":"","ocean_breadcrumbs_links_hover_color":"","ocean_display_footer_widgets":"default","ocean_display_footer_bottom":"default","ocean_custom_footer_template":"0","footnotes":""},"yoast_head":"<!-- This site is optimized with the Yoast SEO plugin v22.3 - https:\/\/yoast.com\/wordpress\/plugins\/seo\/ -->\n<title>Planning - Vertical Fit - Pole dance \u00e0 Saint-Junien 87200<\/title>\n<meta name=\"robots\" content=\"index, follow, max-snippet:-1, max-image-preview:large, max-video-preview:-1\" \/>\n<link rel=\"canonical\" href=\"https:\/\/www.vertical-fit.fr\/en\/planning\/\" \/>\n<meta property=\"og:locale\" content=\"en_US\" \/>\n<meta property=\"og:type\" content=\"article\" \/>\n<meta property=\"og:title\" content=\"Planning - Vertical Fit - Pole dance \u00e0 Saint-Junien 87200\" \/>\n<meta property=\"og:description\" content=\"Planning Le planning des cours est annonc\u00e9 chaque fin de mois pour le mois suivant. Il est obligatoire de s&rsquo;inscrire \u00e0 chaque cours o\u00f9 vous souhaitez participer via le site ci-apr\u00e8s : https:\/\/resafit.vertical-fit.fr\/ Si vous ne pouvez plus venir \u00e0 un cours auquel vous \u00eates inscrit, il faut imp\u00e9rativement vous d\u00e9sinscrire via le m\u00eame site [&hellip;]\" \/>\n<meta property=\"og:url\" content=\"https:\/\/www.vertical-fit.fr\/en\/planning\/\" \/>\n<meta property=\"og:site_name\" content=\"Vertical Fit - Pole dance \u00e0 Saint-Junien 87200\" \/>\n<meta property=\"article:modified_time\" content=\"2025-11-11T11:46:10+00:00\" \/>\n<meta property=\"og:image\" content=\"https:\/\/www.vertical-fit.fr\/wp-content\/uploads\/2025\/11\/planning-poledance-st-junien-300x170.png\" \/>\n<meta name=\"twitter:card\" content=\"summary_large_image\" \/>\n<meta name=\"twitter:label1\" content=\"Est. reading time\" \/>\n\t<meta name=\"twitter:data1\" content=\"2 minutes\" \/>\n<script type=\"application\/ld+json\" class=\"yoast-schema-graph\">{\"@context\":\"https:\/\/schema.org\",\"@graph\":[{\"@type\":\"WebPage\",\"@id\":\"https:\/\/www.vertical-fit.fr\/planning\/\",\"url\":\"https:\/\/www.vertical-fit.fr\/planning\/\",\"name\":\"Planning - Vertical Fit - Pole dance \u00e0 Saint-Junien 87200\",\"isPartOf\":{\"@id\":\"https:\/\/www.vertical-fit.fr\/#website\"},\"primaryImageOfPage\":{\"@id\":\"https:\/\/www.vertical-fit.fr\/planning\/#primaryimage\"},\"image\":{\"@id\":\"https:\/\/www.vertical-fit.fr\/planning\/#primaryimage\"},\"thumbnailUrl\":\"https:\/\/www.vertical-fit.fr\/wp-content\/uploads\/2025\/11\/planning-poledance-st-junien-300x170.png\",\"datePublished\":\"2017-10-10T10:25:51+00:00\",\"dateModified\":\"2025-11-11T11:46:10+00:00\",\"breadcrumb\":{\"@id\":\"https:\/\/www.vertical-fit.fr\/planning\/#breadcrumb\"},\"inLanguage\":\"en-US\",\"potentialAction\":[{\"@type\":\"ReadAction\",\"target\":[\"https:\/\/www.vertical-fit.fr\/planning\/\"]}]},{\"@type\":\"ImageObject\",\"inLanguage\":\"en-US\",\"@id\":\"https:\/\/www.vertical-fit.fr\/planning\/#primaryimage\",\"url\":\"https:\/\/www.vertical-fit.fr\/wp-content\/uploads\/2025\/11\/planning-poledance-st-junien.png\",\"contentUrl\":\"https:\/\/www.vertical-fit.fr\/wp-content\/uploads\/2025\/11\/planning-poledance-st-junien.png\",\"width\":1338,\"height\":758,\"caption\":\"planning pole dance st-junien\"},{\"@type\":\"BreadcrumbList\",\"@id\":\"https:\/\/www.vertical-fit.fr\/planning\/#breadcrumb\",\"itemListElement\":[{\"@type\":\"ListItem\",\"position\":1,\"name\":\"Accueil\",\"item\":\"https:\/\/www.vertical-fit.fr\/\"},{\"@type\":\"ListItem\",\"position\":2,\"name\":\"Planning\"}]},{\"@type\":\"WebSite\",\"@id\":\"https:\/\/www.vertical-fit.fr\/#website\",\"url\":\"https:\/\/www.vertical-fit.fr\/\",\"name\":\"Vertical Fit - Pole dance \u00e0 Saint-Junien 87200\",\"description\":\"Pole dance et pole fitness \u00e0 Saint-Junien- r\u00e9gion de Limoges en Haute-Vienne\",\"publisher\":{\"@id\":\"https:\/\/www.vertical-fit.fr\/#organization\"},\"potentialAction\":[{\"@type\":\"SearchAction\",\"target\":{\"@type\":\"EntryPoint\",\"urlTemplate\":\"https:\/\/www.vertical-fit.fr\/?s={search_term_string}\"},\"query-input\":\"required name=search_term_string\"}],\"inLanguage\":\"en-US\"},{\"@type\":\"Organization\",\"@id\":\"https:\/\/www.vertical-fit.fr\/#organization\",\"name\":\"Vertical Fit - Pole dance \u00e0 Saint-Junien 87200\",\"url\":\"https:\/\/www.vertical-fit.fr\/\",\"logo\":{\"@type\":\"ImageObject\",\"inLanguage\":\"en-US\",\"@id\":\"https:\/\/www.vertical-fit.fr\/#\/schema\/logo\/image\/\",\"url\":\"https:\/\/www.vertical-fit.fr\/wp-content\/uploads\/2018\/05\/cropped-logolong-verticalfit-poledance-stjunien.png\",\"contentUrl\":\"https:\/\/www.vertical-fit.fr\/wp-content\/uploads\/2018\/05\/cropped-logolong-verticalfit-poledance-stjunien.png\",\"width\":364,\"height\":75,\"caption\":\"Vertical Fit - Pole dance \u00e0 Saint-Junien 87200\"},\"image\":{\"@id\":\"https:\/\/www.vertical-fit.fr\/#\/schema\/logo\/image\/\"}}]}<\/script>\n<!-- \/ Yoast SEO plugin. -->","yoast_head_json":{"title":"Planning - Vertical Fit - Pole dance \u00e0 Saint-Junien 87200","robots":{"index":"index","follow":"follow","max-snippet":"max-snippet:-1","max-image-preview":"max-image-preview:large","max-video-preview":"max-video-preview:-1"},"canonical":"https:\/\/www.vertical-fit.fr\/en\/planning\/","og_locale":"en_US","og_type":"article","og_title":"Planning - Vertical Fit - Pole dance \u00e0 Saint-Junien 87200","og_description":"Planning Le planning des cours est annonc\u00e9 chaque fin de mois pour le mois suivant. Il est obligatoire de s&rsquo;inscrire \u00e0 chaque cours o\u00f9 vous souhaitez participer via le site ci-apr\u00e8s : https:\/\/resafit.vertical-fit.fr\/ Si vous ne pouvez plus venir \u00e0 un cours auquel vous \u00eates inscrit, il faut imp\u00e9rativement vous d\u00e9sinscrire via le m\u00eame site [&hellip;]","og_url":"https:\/\/www.vertical-fit.fr\/en\/planning\/","og_site_name":"Vertical Fit - Pole dance \u00e0 Saint-Junien 87200","article_modified_time":"2025-11-11T11:46:10+00:00","og_image":[{"url":"https:\/\/www.vertical-fit.fr\/wp-content\/uploads\/2025\/11\/planning-poledance-st-junien-300x170.png"}],"twitter_card":"summary_large_image","twitter_misc":{"Est. reading time":"2 minutes"},"schema":{"@context":"https:\/\/schema.org","@graph":[{"@type":"WebPage","@id":"https:\/\/www.vertical-fit.fr\/planning\/","url":"https:\/\/www.vertical-fit.fr\/planning\/","name":"Planning - Vertical Fit - Pole dance \u00e0 Saint-Junien 87200","isPartOf":{"@id":"https:\/\/www.vertical-fit.fr\/#website"},"primaryImageOfPage":{"@id":"https:\/\/www.vertical-fit.fr\/planning\/#primaryimage"},"image":{"@id":"https:\/\/www.vertical-fit.fr\/planning\/#primaryimage"},"thumbnailUrl":"https:\/\/www.vertical-fit.fr\/wp-content\/uploads\/2025\/11\/planning-poledance-st-junien-300x170.png","datePublished":"2017-10-10T10:25:51+00:00","dateModified":"2025-11-11T11:46:10+00:00","breadcrumb":{"@id":"https:\/\/www.vertical-fit.fr\/planning\/#breadcrumb"},"inLanguage":"en-US","potentialAction":[{"@type":"ReadAction","target":["https:\/\/www.vertical-fit.fr\/planning\/"]}]},{"@type":"ImageObject","inLanguage":"en-US","@id":"https:\/\/www.vertical-fit.fr\/planning\/#primaryimage","url":"https:\/\/www.vertical-fit.fr\/wp-content\/uploads\/2025\/11\/planning-poledance-st-junien.png","contentUrl":"https:\/\/www.vertical-fit.fr\/wp-content\/uploads\/2025\/11\/planning-poledance-st-junien.png","width":1338,"height":758,"caption":"planning pole dance st-junien"},{"@type":"BreadcrumbList","@id":"https:\/\/www.vertical-fit.fr\/planning\/#breadcrumb","itemListElement":[{"@type":"ListItem","position":1,"name":"Accueil","item":"https:\/\/www.vertical-fit.fr\/"},{"@type":"ListItem","position":2,"name":"Planning"}]},{"@type":"WebSite","@id":"https:\/\/www.vertical-fit.fr\/#website","url":"https:\/\/www.vertical-fit.fr\/","name":"Vertical Fit - Pole dance \u00e0 Saint-Junien 87200","description":"Pole dance et pole fitness \u00e0 Saint-Junien- r\u00e9gion de Limoges en Haute-Vienne","publisher":{"@id":"https:\/\/www.vertical-fit.fr\/#organization"},"potentialAction":[{"@type":"SearchAction","target":{"@type":"EntryPoint","urlTemplate":"https:\/\/www.vertical-fit.fr\/?s={search_term_string}"},"query-input":"required name=search_term_string"}],"inLanguage":"en-US"},{"@type":"Organization","@id":"https:\/\/www.vertical-fit.fr\/#organization","name":"Vertical Fit - Pole dance \u00e0 Saint-Junien 87200","url":"https:\/\/www.vertical-fit.fr\/","logo":{"@type":"ImageObject","inLanguage":"en-US","@id":"https:\/\/www.vertical-fit.fr\/#\/schema\/logo\/image\/","url":"https:\/\/www.vertical-fit.fr\/wp-content\/uploads\/2018\/05\/cropped-logolong-verticalfit-poledance-stjunien.png","contentUrl":"https:\/\/www.vertical-fit.fr\/wp-content\/uploads\/2018\/05\/cropped-logolong-verticalfit-poledance-stjunien.png","width":364,"height":75,"caption":"Vertical Fit - Pole dance \u00e0 Saint-Junien 87200"},"image":{"@id":"https:\/\/www.vertical-fit.fr\/#\/schema\/logo\/image\/"}}]}},"_links":{"self":[{"href":"https:\/\/www.vertical-fit.fr\/en\/wp-json\/wp\/v2\/pages\/24"}],"collection":[{"href":"https:\/\/www.vertical-fit.fr\/en\/wp-json\/wp\/v2\/pages"}],"about":[{"href":"https:\/\/www.vertical-fit.fr\/en\/wp-json\/wp\/v2\/types\/page"}],"author":[{"embeddable":true,"href":"https:\/\/www.vertical-fit.fr\/en\/wp-json\/wp\/v2\/users\/1"}],"replies":[{"embeddable":true,"href":"https:\/\/www.vertical-fit.fr\/en\/wp-json\/wp\/v2\/comments?post=24"}],"version-history":[{"count":43,"href":"https:\/\/www.vertical-fit.fr\/en\/wp-json\/wp\/v2\/pages\/24\/revisions"}],"predecessor-version":[{"id":1002,"href":"https:\/\/www.vertical-fit.fr\/en\/wp-json\/wp\/v2\/pages\/24\/revisions\/1002"}],"wp:attachment":[{"href":"https:\/\/www.vertical-fit.fr\/en\/wp-json\/wp\/v2\/media?parent=24"}],"curies":[{"name":"wp","href":"https:\/\/api.w.org\/{rel}","templated":true}]}}